{"id":155,"date":"2025-03-05T13:04:56","date_gmt":"2025-03-05T13:04:56","guid":{"rendered":"http:\/\/shammi"},"modified":"2025-04-04T12:32:22","modified_gmt":"2025-04-04T12:32:22","slug":"tereza-furtado","status":"publish","type":"product","link":"https:\/\/belabs.com.br\/?product=tereza-furtado","title":{"rendered":"Tereza Furtado"},"content":{"rendered":"<p><strong>Administradora, com P\u00f3s em RH e Qualidade. E Mestrado em Administra\u00e7\u00e3o.<br \/>\nEx executiva de RH, Professora<br \/>\nMentora, consultora e palestrante empresarial.<br \/>\nAtuou como cofounder do NIS Vem C\u00e1Mulher<br \/>\nEmpreendedora do NIS Senium Longevidade Saud\u00e1vel, que promove a maturidade inteligente das pessoas 45, 50+.<br \/>\nMentora da aceleradora de neg\u00f3cios femininos BE.LABS<br \/>\n\u00c1reas de atua\u00e7\u00e3o: longevidade, recursos humanos, estrat\u00e9gia, lideran\u00e7a, qualidade \/ processos, franquias e empreendedorismo feminino, e popular.<\/strong><\/p>\n<p><strong><a href=\"http:\/\/&quot;https:\/\/www.linkedin.com\/feed\/?trk=guest_homepage-basic_google-one-tap-submit &quot;\">http:\/\/&#8221;https:\/\/www.linkedin.com\/feed\/?trk=guest_homepage-basic_google-one-tap-submit &#8220;<\/a><\/strong><\/p>\n","protected":false},"excerpt":{"rendered":"<p><strong>Especialidades: <\/strong>Autodesenvolvimento,\u00a0ESG,\u00a0Gest\u00e3o de Pessoas,\u00a0Gest\u00e3o de tempo,\u00a0Habilidades empreendedora,\u00a0Jornada do cliente,\u00a0Marca pessoal,\u00a0 Planejamento estrat\u00e9gico,\u00a0Plano de neg\u00f3cio,\u00a0Varejo voltado para neg\u00f3cios de pessoas 50+,\u00a0Vendas, Pitch<br \/>\n<strong>Forma\u00e7\u00e3o:\u00a0<\/strong><span data-sheets-root=\"1\">Mestrado<\/span><\/p>\n<p><strong>Quantas horas de mentoria j\u00e1 realizou: <\/strong>+<span data-sheets-root=\"1\">200 h\u00a0<\/span><\/p>\n","protected":false},"featured_media":607,"comment_status":"open","ping_status":"closed","template":"","meta":[],"product_brand":[],"product_cat":[19],"product_tag":[47,33,29,50,46,39,44,30,25,28,60,27,34],"class_list":{"0":"post-155","1":"product","2":"type-product","3":"status-publish","4":"has-post-thumbnail","6":"product_cat-loja","7":"product_tag-autodesenvolvimento","8":"product_tag-esg","9":"product_tag-gestao-de-pessoas","10":"product_tag-gestao-de-tempo","11":"product_tag-habilidades-empreendedora","12":"product_tag-jornada-do-cliente","13":"product_tag-marca-pessoal","14":"product_tag-pitch","15":"product_tag-planejamento-estrategico","16":"product_tag-plano-de-negocio","17":"product_tag-varejo-voltado-para-negocios-de-pessoas-50","18":"product_tag-vendas","19":"product_tag-vendas-b2b","21":"first","22":"instock","23":"downloadable","24":"virtual","25":"purchasable","26":"product-type-simple"},"_links":{"self":[{"href":"https:\/\/belabs.com.br\/index.php?rest_route=\/wp\/v2\/product\/155","targetHints":{"allow":["GET"]}}],"collection":[{"href":"https:\/\/belabs.com.br\/index.php?rest_route=\/wp\/v2\/product"}],"about":[{"href":"https:\/\/belabs.com.br\/index.php?rest_route=\/wp\/v2\/types\/product"}],"replies":[{"embeddable":true,"href":"https:\/\/belabs.com.br\/index.php?rest_route=%2Fwp%2Fv2%2Fcomments&post=155"}],"wp:featuredmedia":[{"embeddable":true,"href":"https:\/\/belabs.com.br\/index.php?rest_route=\/wp\/v2\/media\/607"}],"wp:attachment":[{"href":"https:\/\/belabs.com.br\/index.php?rest_route=%2Fwp%2Fv2%2Fmedia&parent=155"}],"wp:term":[{"taxonomy":"product_brand","embeddable":true,"href":"https:\/\/belabs.com.br\/index.php?rest_route=%2Fwp%2Fv2%2Fproduct_brand&post=155"},{"taxonomy":"product_cat","embeddable":true,"href":"https:\/\/belabs.com.br\/index.php?rest_route=%2Fwp%2Fv2%2Fproduct_cat&post=155"},{"taxonomy":"product_tag","embeddable":true,"href":"https:\/\/belabs.com.br\/index.php?rest_route=%2Fwp%2Fv2%2Fproduct_tag&post=155"}],"curies":[{"name":"wp","href":"https:\/\/api.w.org\/{rel}","templated":true}]}}