{"id":156,"date":"2025-03-05T13:04:56","date_gmt":"2025-03-05T13:04:56","guid":{"rendered":"http:\/\/shammi"},"modified":"2025-04-04T12:32:08","modified_gmt":"2025-04-04T12:32:08","slug":"roseane-vieira","status":"publish","type":"product","link":"https:\/\/belabs.com.br\/?product=roseane-vieira","title":{"rendered":"Roseane Vieira Moreira"},"content":{"rendered":"<p><span data-sheets-root=\"1\"><strong>Bi\u00f3loga e mestra em Biotecnologia pela UFBa, Especialista em Gest\u00e3o de Sa\u00fade pela UFRB, MBA em Empreendedorismo Social e Neg\u00f3cios de Impacto pelo Instituto Legado. Roseane Moreira \u00e9 professora, palestrante, revisora, facilitadora, multiplicadora do Sistema B, mentora de carreira e neg\u00f3cios, empreendedora social e fundadora da Minha Cesta (<a href=\"http:\/\/www.minhacesta.com\">www.minhacesta.com<\/a>) @minhacesta_app e Acelera ESG (<a href=\"http:\/\/www.aceleraesg.com\">www.aceleraesg.com<\/a>) @aceleraesg. Acredita no poder do Ecossistema, principalmente feminino, e \u00e9 fellow das Comunidades: Future Female Business Scholl, Female Force, Sebrae Delas &#8211; Efeito Fura\u00e7\u00e3o, AWE 3.0, Id_br, Forbes black. Foi aprovada em 1\u00ba lugar no Startup Nordeste, no Edital Inventivas da Fapesb, j\u00e1 foi acelerada pela Vale do Dend\u00ea, Motir\u00f4, In pacto da Prefeitura de Salvador, dentre outras iniciativas e em Abril do ano passado, integrou o time de 10 empreendedores negros que viveram uma imers\u00e3o no Vale do Sil\u00edcio &#8211; EUA no programa afirmativo do Sil\u00eancio ao Sil\u00edcio. Roseane tamb\u00e9m foi finalista do Acelera HUB sendo a Acelera ESG uma das 3 premiadas no categoria Tra\u00e7\u00e3o e finalista do pr\u00eamio Sebrae Mulheres de Neg\u00f3cios 2024.<\/strong><br \/>\n<strong><a href=\"https:\/\/www.linkedin.com\/in\/roseanevieiramoreira\/\">https:\/\/www.linkedin.com\/in\/roseanevieiramoreira\/<\/a><\/strong><\/span><\/p>\n","protected":false},"excerpt":{"rendered":"<p><strong>Especialidades: <\/strong>Constru\u00e7\u00e3o de metas e objetivos, Contabilidade, Finan\u00e7as, Gest\u00e3o de tempo, Habilidades empreendedora, Jur\u00eddico, Planejamento estrat\u00e9gico, Plano de neg\u00f3cio, Precifica\u00e7\u00e3o.<br \/>\n<strong>Forma\u00e7\u00e3o: <\/strong>Mestrado<\/p>\n<p><strong>Horas de mentorias: <\/strong>+100<\/p>\n","protected":false},"featured_media":603,"comment_status":"open","ping_status":"closed","template":"","meta":[],"product_brand":[],"product_cat":[19],"product_tag":[47,31,33,46,44,30,34],"class_list":{"0":"post-156","1":"product","2":"type-product","3":"status-publish","4":"has-post-thumbnail","6":"product_cat-loja","7":"product_tag-autodesenvolvimento","8":"product_tag-captacao-de-recursos","9":"product_tag-esg","10":"product_tag-habilidades-empreendedora","11":"product_tag-marca-pessoal","12":"product_tag-pitch","13":"product_tag-vendas-b2b","15":"first","16":"instock","17":"downloadable","18":"virtual","19":"purchasable","20":"product-type-simple"},"_links":{"self":[{"href":"https:\/\/belabs.com.br\/index.php?rest_route=\/wp\/v2\/product\/156","targetHints":{"allow":["GET"]}}],"collection":[{"href":"https:\/\/belabs.com.br\/index.php?rest_route=\/wp\/v2\/product"}],"about":[{"href":"https:\/\/belabs.com.br\/index.php?rest_route=\/wp\/v2\/types\/product"}],"replies":[{"embeddable":true,"href":"https:\/\/belabs.com.br\/index.php?rest_route=%2Fwp%2Fv2%2Fcomments&post=156"}],"wp:featuredmedia":[{"embeddable":true,"href":"https:\/\/belabs.com.br\/index.php?rest_route=\/wp\/v2\/media\/603"}],"wp:attachment":[{"href":"https:\/\/belabs.com.br\/index.php?rest_route=%2Fwp%2Fv2%2Fmedia&parent=156"}],"wp:term":[{"taxonomy":"product_brand","embeddable":true,"href":"https:\/\/belabs.com.br\/index.php?rest_route=%2Fwp%2Fv2%2Fproduct_brand&post=156"},{"taxonomy":"product_cat","embeddable":true,"href":"https:\/\/belabs.com.br\/index.php?rest_route=%2Fwp%2Fv2%2Fproduct_cat&post=156"},{"taxonomy":"product_tag","embeddable":true,"href":"https:\/\/belabs.com.br\/index.php?rest_route=%2Fwp%2Fv2%2Fproduct_tag&post=156"}],"curies":[{"name":"wp","href":"https:\/\/api.w.org\/{rel}","templated":true}]}}